{"id":10948,"date":"2024-06-04T17:32:55","date_gmt":"2024-06-04T15:32:55","guid":{"rendered":"https:\/\/lintel-gruppe.de\/projekte\/?page_id=10948"},"modified":"2026-08-12T09:22:51","modified_gmt":"2026-08-12T07:22:51","slug":"nachhaltigkeit","status":"publish","type":"page","link":"https:\/\/lintel-gruppe.de\/projekte\/nachhaltigkeit\/","title":{"rendered":"Nachhaltigkeit"},"content":{"rendered":"\t\t<div data-elementor-type=\"wp-page\" data-elementor-id=\"10948\" class=\"elementor elementor-10948\" data-elementor-post-type=\"page\">\n\t\t\t\t\t\t<section class=\"elementor-section elementor-top-section elementor-element elementor-element-b6d6d7c elementor-section-boxed elementor-section-height-default elementor-section-height-default\" data-id=\"b6d6d7c\" data-element_type=\"section\" data-e-type=\"section\" data-settings=\"{&quot;jet_parallax_layout_list&quot;:[{&quot;jet_parallax_layout_image&quot;:{&quot;url&quot;:&quot;&quot;,&quot;id&quot;:&quot;&quot;,&quot;size&quot;:&quot;&quot;},&quot;_id&quot;:&quot;847154a&quot;,&quot;jet_parallax_layout_image_laptop&quot;:{&quot;url&quot;:&quot;&quot;,&quot;id&quot;:&quot;&quot;,&quot;size&quot;:&quot;&quot;},&quot;jet_parallax_layout_image_tablet_extra&quot;:{&quot;url&quot;:&quot;&quot;,&quot;id&quot;:&quot;&quot;,&quot;size&quot;:&quot;&quot;},&quot;jet_parallax_layout_image_tablet&quot;:{&quot;url&quot;:&quot;&quot;,&quot;id&quot;:&quot;&quot;,&quot;size&quot;:&quot;&quot;},&quot;jet_parallax_layout_image_mobile_extra&quot;:{&quot;url&quot;:&quot;&quot;,&quot;id&quot;:&quot;&quot;,&quot;size&quot;:&quot;&quot;},&quot;jet_parallax_layout_image_mobile&quot;:{&quot;url&quot;:&quot;&quot;,&quot;id&quot;:&quot;&quot;,&quot;size&quot;:&quot;&quot;},&quot;jet_parallax_layout_speed&quot;:{&quot;unit&quot;:&quot;%&quot;,&quot;size&quot;:50,&quot;sizes&quot;:[]},&quot;jet_parallax_layout_type&quot;:&quot;scroll&quot;,&quot;jet_parallax_layout_direction&quot;:&quot;1&quot;,&quot;jet_parallax_layout_fx_direction&quot;:null,&quot;jet_parallax_layout_z_index&quot;:&quot;&quot;,&quot;jet_parallax_layout_bg_x&quot;:50,&quot;jet_parallax_layout_bg_x_laptop&quot;:&quot;&quot;,&quot;jet_parallax_layout_bg_x_tablet_extra&quot;:&quot;&quot;,&quot;jet_parallax_layout_bg_x_tablet&quot;:&quot;&quot;,&quot;jet_parallax_layout_bg_x_mobile_extra&quot;:&quot;&quot;,&quot;jet_parallax_layout_bg_x_mobile&quot;:&quot;&quot;,&quot;jet_parallax_layout_bg_y&quot;:50,&quot;jet_parallax_layout_bg_y_laptop&quot;:&quot;&quot;,&quot;jet_parallax_layout_bg_y_tablet_extra&quot;:&quot;&quot;,&quot;jet_parallax_layout_bg_y_tablet&quot;:&quot;&quot;,&quot;jet_parallax_layout_bg_y_mobile_extra&quot;:&quot;&quot;,&quot;jet_parallax_layout_bg_y_mobile&quot;:&quot;&quot;,&quot;jet_parallax_layout_bg_size&quot;:&quot;auto&quot;,&quot;jet_parallax_layout_bg_size_laptop&quot;:&quot;&quot;,&quot;jet_parallax_layout_bg_size_tablet_extra&quot;:&quot;&quot;,&quot;jet_parallax_layout_bg_size_tablet&quot;:&quot;&quot;,&quot;jet_parallax_layout_bg_size_mobile_extra&quot;:&quot;&quot;,&quot;jet_parallax_layout_bg_size_mobile&quot;:&quot;&quot;,&quot;jet_parallax_layout_animation_prop&quot;:&quot;transform&quot;,&quot;jet_parallax_layout_on&quot;:[&quot;desktop&quot;,&quot;tablet&quot;]}]}\">\n\t\t\t\t\t\t<div class=\"elementor-container elementor-column-gap-default\">\n\t\t\t\t\t<div class=\"elementor-column elementor-col-100 elementor-top-column elementor-element elementor-element-cd01b4c\" data-id=\"cd01b4c\" data-element_type=\"column\" data-e-type=\"column\">\n\t\t\t<div class=\"elementor-widget-wrap elementor-element-populated\">\n\t\t\t\t\t\t<section class=\"elementor-section elementor-inner-section elementor-element elementor-element-49b86a6 elementor-section-boxed elementor-section-height-default elementor-section-height-default\" data-id=\"49b86a6\" data-element_type=\"section\" data-e-type=\"section\" data-settings=\"{&quot;jet_parallax_layout_list&quot;:[{&quot;jet_parallax_layout_image&quot;:{&quot;url&quot;:&quot;&quot;,&quot;id&quot;:&quot;&quot;,&quot;size&quot;:&quot;&quot;},&quot;_id&quot;:&quot;22a39f6&quot;,&quot;jet_parallax_layout_image_laptop&quot;:{&quot;url&quot;:&quot;&quot;,&quot;id&quot;:&quot;&quot;,&quot;size&quot;:&quot;&quot;},&quot;jet_parallax_layout_image_tablet_extra&quot;:{&quot;url&quot;:&quot;&quot;,&quot;id&quot;:&quot;&quot;,&quot;size&quot;:&quot;&quot;},&quot;jet_parallax_layout_image_tablet&quot;:{&quot;url&quot;:&quot;&quot;,&quot;id&quot;:&quot;&quot;,&quot;size&quot;:&quot;&quot;},&quot;jet_parallax_layout_image_mobile_extra&quot;:{&quot;url&quot;:&quot;&quot;,&quot;id&quot;:&quot;&quot;,&quot;size&quot;:&quot;&quot;},&quot;jet_parallax_layout_image_mobile&quot;:{&quot;url&quot;:&quot;&quot;,&quot;id&quot;:&quot;&quot;,&quot;size&quot;:&quot;&quot;},&quot;jet_parallax_layout_speed&quot;:{&quot;unit&quot;:&quot;%&quot;,&quot;size&quot;:50,&quot;sizes&quot;:[]},&quot;jet_parallax_layout_type&quot;:&quot;scroll&quot;,&quot;jet_parallax_layout_direction&quot;:&quot;1&quot;,&quot;jet_parallax_layout_fx_direction&quot;:null,&quot;jet_parallax_layout_z_index&quot;:&quot;&quot;,&quot;jet_parallax_layout_bg_x&quot;:50,&quot;jet_parallax_layout_bg_x_laptop&quot;:&quot;&quot;,&quot;jet_parallax_layout_bg_x_tablet_extra&quot;:&quot;&quot;,&quot;jet_parallax_layout_bg_x_tablet&quot;:&quot;&quot;,&quot;jet_parallax_layout_bg_x_mobile_extra&quot;:&quot;&quot;,&quot;jet_parallax_layout_bg_x_mobile&quot;:&quot;&quot;,&quot;jet_parallax_layout_bg_y&quot;:50,&quot;jet_parallax_layout_bg_y_laptop&quot;:&quot;&quot;,&quot;jet_parallax_layout_bg_y_tablet_extra&quot;:&quot;&quot;,&quot;jet_parallax_layout_bg_y_tablet&quot;:&quot;&quot;,&quot;jet_parallax_layout_bg_y_mobile_extra&quot;:&quot;&quot;,&quot;jet_parallax_layout_bg_y_mobile&quot;:&quot;&quot;,&quot;jet_parallax_layout_bg_size&quot;:&quot;auto&quot;,&quot;jet_parallax_layout_bg_size_laptop&quot;:&quot;&quot;,&quot;jet_parallax_layout_bg_size_tablet_extra&quot;:&quot;&quot;,&quot;jet_parallax_layout_bg_size_tablet&quot;:&quot;&quot;,&quot;jet_parallax_layout_bg_size_mobile_extra&quot;:&quot;&quot;,&quot;jet_parallax_layout_bg_size_mobile&quot;:&quot;&quot;,&quot;jet_parallax_layout_animation_prop&quot;:&quot;transform&quot;,&quot;jet_parallax_layout_on&quot;:[&quot;desktop&quot;,&quot;tablet&quot;]}]}\">\n\t\t\t\t\t\t<div class=\"elementor-container elementor-column-gap-default\">\n\t\t\t\t\t<div class=\"elementor-column elementor-col-100 elementor-inner-column elementor-element elementor-element-7c5559f\" data-id=\"7c5559f\" data-element_type=\"column\" data-e-type=\"column\">\n\t\t\t<div class=\"elementor-widget-wrap elementor-element-populated\">\n\t\t\t\t\t\t<div class=\"elementor-element elementor-element-5525ecc elementor-widget elementor-widget-text-editor\" data-id=\"5525ecc\" data-element_type=\"widget\" data-e-type=\"widget\" data-widget_type=\"text-editor.default\">\n\t\t\t\t<div class=\"elementor-widget-container\">\n\t\t\t\t\t\t\t\t\t<h1>Nachhaltigkeit<\/h1>\t\t\t\t\t\t\t\t<\/div>\n\t\t\t\t<\/div>\n\t\t\t\t\t<\/div>\n\t\t<\/div>\n\t\t\t\t\t<\/div>\n\t\t<\/section>\n\t\t\t\t<div class=\"elementor-element elementor-element-d17dfbf elementor-widget elementor-widget-spacer\" data-id=\"d17dfbf\" data-element_type=\"widget\" data-e-type=\"widget\" data-widget_type=\"spacer.default\">\n\t\t\t\t<div class=\"elementor-widget-container\">\n\t\t\t\t\t\t\t<div class=\"elementor-spacer\">\n\t\t\t<div class=\"elementor-spacer-inner\"><\/div>\n\t\t<\/div>\n\t\t\t\t\t\t<\/div>\n\t\t\t\t<\/div>\n\t\t\t\t<div class=\"elementor-element elementor-element-78527ff elementor-widget__width-initial elementor-widget elementor-widget-text-editor\" data-id=\"78527ff\" data-element_type=\"widget\" data-e-type=\"widget\" data-widget_type=\"text-editor.default\">\n\t\t\t\t<div class=\"elementor-widget-container\">\n\t\t\t\t\t\t\t\t\t<h2>Zertifizierung<\/h2>\n<p>Seit dem 22.04.24 sind wir mit allen Werken unserer Gruppe CSC-Silber zerfifiziert!<\/p>\n<p>Nun geht es mit gro\u00dfen Schritten in Richtung Gold-Zertifizierung, welche wir bei der Rezertifizierung erreichen wollen. Zusammen mit unseren Neuentwicklungen Eco-Terra-Zero (zementfreie Pflastersteine) sowie dem neuen Klima-Aktiv-Stein-System mit Reolux-Oberfl\u00e4che setzen wir einen konsequenten Fokus auf Nachhaltigkeit.<\/p>\n<p>Dar\u00fcber hinaus sind wir der erste Hersteller in Europa, welcher \u00fcber eine EPD sowohl f\u00fcr Pflaster und Platten bis 16 cm Dicke als auch Verkehrsleitsysteme verf\u00fcgt! Die Zukunft im Blick\u2026<\/p>\n<p><br><\/p>\n<p><br><\/p>\t\t\t\t\t\t\t\t<\/div>\n\t\t\t\t<\/div>\n\t\t\t\t<div class=\"elementor-element elementor-element-76408fb elementor-widget elementor-widget-image-carousel\" data-id=\"76408fb\" data-element_type=\"widget\" data-e-type=\"widget\" data-settings=\"{&quot;slides_to_show&quot;:&quot;5&quot;,&quot;navigation&quot;:&quot;none&quot;,&quot;speed&quot;:500}\" data-widget_type=\"image-carousel.default\">\n\t\t\t\t<div class=\"elementor-widget-container\">\n\t\t\t\t\t\t\t<div class=\"elementor-image-carousel-wrapper swiper\" role=\"region\" aria-roledescription=\"carousel\" aria-label=\"Bild Karussell\" dir=\"ltr\">\n\t\t\t<div class=\"elementor-image-carousel swiper-wrapper\" aria-live=\"polite\">\n\t\t\t\t\t\t\t\t<div class=\"swiper-slide\" role=\"group\" aria-roledescription=\"slide\" aria-label=\"1 von 5\"><a data-elementor-open-lightbox=\"yes\" data-elementor-lightbox-slideshow=\"76408fb\" data-e-action-hash=\"#elementor-action%3Aaction%3Dlightbox%26settings%3DeyJpZCI6MTA5NTgsInVybCI6Imh0dHBzOlwvXC9saW50ZWwtZ3J1cHBlLmRlXC9wcm9qZWt0ZVwvd3AtY29udGVudFwvdXBsb2Fkc1wvMTE0Ni1DU0MyMS0yMDIzLVplcnRpZmlrYXQtMDAxLmpwZyIsInNsaWRlc2hvdyI6Ijc2NDA4ZmIifQ%3D%3D\" href=\"https:\/\/lintel-gruppe.de\/projekte\/wp-content\/uploads\/1146-CSC21-2023-Zertifikat-001.jpg\"><figure class=\"swiper-slide-inner\"><img decoding=\"async\" class=\"swiper-slide-image\" src=\"https:\/\/lintel-gruppe.de\/projekte\/wp-content\/uploads\/1146-CSC21-2023-Zertifikat-001-212x300.jpg\" alt=\"1146-CSC21-2023-Zertifikat-001.jpg\" \/><\/figure><\/a><\/div><div class=\"swiper-slide\" role=\"group\" aria-roledescription=\"slide\" aria-label=\"2 von 5\"><a data-elementor-open-lightbox=\"yes\" data-elementor-lightbox-slideshow=\"76408fb\" data-e-action-hash=\"#elementor-action%3Aaction%3Dlightbox%26settings%3DeyJpZCI6MTA5NjAsInVybCI6Imh0dHBzOlwvXC9saW50ZWwtZ3J1cHBlLmRlXC9wcm9qZWt0ZVwvd3AtY29udGVudFwvdXBsb2Fkc1wvMTI1NC1DU0MyMS0yMDIzLVplcnRpZmlrYXQtMDAxLmpwZyIsInNsaWRlc2hvdyI6Ijc2NDA4ZmIifQ%3D%3D\" href=\"https:\/\/lintel-gruppe.de\/projekte\/wp-content\/uploads\/1254-CSC21-2023-Zertifikat-001.jpg\"><figure class=\"swiper-slide-inner\"><img decoding=\"async\" class=\"swiper-slide-image\" src=\"https:\/\/lintel-gruppe.de\/projekte\/wp-content\/uploads\/1254-CSC21-2023-Zertifikat-001-212x300.jpg\" alt=\"1254-CSC21-2023-Zertifikat-001.jpg\" \/><\/figure><\/a><\/div><div class=\"swiper-slide\" role=\"group\" aria-roledescription=\"slide\" aria-label=\"3 von 5\"><a data-elementor-open-lightbox=\"yes\" data-elementor-lightbox-slideshow=\"76408fb\" data-e-action-hash=\"#elementor-action%3Aaction%3Dlightbox%26settings%3DeyJpZCI6MTA5NjIsInVybCI6Imh0dHBzOlwvXC9saW50ZWwtZ3J1cHBlLmRlXC9wcm9qZWt0ZVwvd3AtY29udGVudFwvdXBsb2Fkc1wvMTI1NS1DU0MyMS0yMDIzLVplcnRpZmlrYXQtMDAxLmpwZyIsInNsaWRlc2hvdyI6Ijc2NDA4ZmIifQ%3D%3D\" href=\"https:\/\/lintel-gruppe.de\/projekte\/wp-content\/uploads\/1255-CSC21-2023-Zertifikat-001.jpg\"><figure class=\"swiper-slide-inner\"><img decoding=\"async\" class=\"swiper-slide-image\" src=\"https:\/\/lintel-gruppe.de\/projekte\/wp-content\/uploads\/1255-CSC21-2023-Zertifikat-001-212x300.jpg\" alt=\"1255-CSC21-2023-Zertifikat-001.jpg\" \/><\/figure><\/a><\/div><div class=\"swiper-slide\" role=\"group\" aria-roledescription=\"slide\" aria-label=\"4 von 5\"><a data-elementor-open-lightbox=\"yes\" data-elementor-lightbox-slideshow=\"76408fb\" data-e-action-hash=\"#elementor-action%3Aaction%3Dlightbox%26settings%3DeyJpZCI6MTA5NjQsInVybCI6Imh0dHBzOlwvXC9saW50ZWwtZ3J1cHBlLmRlXC9wcm9qZWt0ZVwvd3AtY29udGVudFwvdXBsb2Fkc1wvMTI1Ni1DU0MyMS0yMDIzLVplcnRpZmlrYXQtMDAxLmpwZyIsInNsaWRlc2hvdyI6Ijc2NDA4ZmIifQ%3D%3D\" href=\"https:\/\/lintel-gruppe.de\/projekte\/wp-content\/uploads\/1256-CSC21-2023-Zertifikat-001.jpg\"><figure class=\"swiper-slide-inner\"><img decoding=\"async\" class=\"swiper-slide-image\" src=\"https:\/\/lintel-gruppe.de\/projekte\/wp-content\/uploads\/1256-CSC21-2023-Zertifikat-001-212x300.jpg\" alt=\"1256-CSC21-2023-Zertifikat-001.jpg\" \/><\/figure><\/a><\/div><div class=\"swiper-slide\" role=\"group\" aria-roledescription=\"slide\" aria-label=\"5 von 5\"><a data-elementor-open-lightbox=\"yes\" data-elementor-lightbox-slideshow=\"76408fb\" data-e-action-hash=\"#elementor-action%3Aaction%3Dlightbox%26settings%3DeyJpZCI6MTA5NjYsInVybCI6Imh0dHBzOlwvXC9saW50ZWwtZ3J1cHBlLmRlXC9wcm9qZWt0ZVwvd3AtY29udGVudFwvdXBsb2Fkc1wvMTI1Ny1DU0MyMS0yMDIzLVplcnRpZmlrYXQtMDAxLmpwZyIsInNsaWRlc2hvdyI6Ijc2NDA4ZmIifQ%3D%3D\" href=\"https:\/\/lintel-gruppe.de\/projekte\/wp-content\/uploads\/1257-CSC21-2023-Zertifikat-001.jpg\"><figure class=\"swiper-slide-inner\"><img decoding=\"async\" class=\"swiper-slide-image\" src=\"https:\/\/lintel-gruppe.de\/projekte\/wp-content\/uploads\/1257-CSC21-2023-Zertifikat-001-212x300.jpg\" alt=\"1257-CSC21-2023-Zertifikat-001.jpg\" \/><\/figure><\/a><\/div>\t\t\t<\/div>\n\t\t\t\t\t\t\t\n\t\t\t\t\t\t\t\t\t<\/div>\n\t\t\t\t\t\t<\/div>\n\t\t\t\t<\/div>\n\t\t\t\t<section class=\"elementor-section elementor-inner-section elementor-element elementor-element-a7de167 elementor-section-boxed elementor-section-height-default elementor-section-height-default\" data-id=\"a7de167\" data-element_type=\"section\" data-e-type=\"section\" data-settings=\"{&quot;jet_parallax_layout_list&quot;:[]}\">\n\t\t\t\t\t\t<div class=\"elementor-container elementor-column-gap-default\">\n\t\t\t\t\t<div class=\"elementor-column elementor-col-50 elementor-inner-column elementor-element elementor-element-e065ff5\" data-id=\"e065ff5\" data-element_type=\"column\" data-e-type=\"column\">\n\t\t\t<div class=\"elementor-widget-wrap elementor-element-populated\">\n\t\t\t\t\t\t<div class=\"elementor-element elementor-element-f9615f7 elementor-widget elementor-widget-image\" data-id=\"f9615f7\" data-element_type=\"widget\" data-e-type=\"widget\" data-widget_type=\"image.default\">\n\t\t\t\t<div class=\"elementor-widget-container\">\n\t\t\t\t\t\t\t\t\t\t\t\t\t\t\t\t<a href=\"https:\/\/lintel-gruppe.de\/cms\/wp-content\/uploads\/Umwelt-Produktdeklaration_Betonwerk_Lintel.pdf\" target=\"_blank\">\n\t\t\t\t\t\t\t<img fetchpriority=\"high\" decoding=\"async\" width=\"724\" height=\"1024\" src=\"https:\/\/lintel-gruppe.de\/projekte\/wp-content\/uploads\/Umwelt-Produktdeklaration_Betonwerk_Lintel-001-724x1024.jpg\" class=\"attachment-large size-large wp-image-10972\" alt=\"\" srcset=\"https:\/\/lintel-gruppe.de\/projekte\/wp-content\/uploads\/Umwelt-Produktdeklaration_Betonwerk_Lintel-001-724x1024.jpg 724w, https:\/\/lintel-gruppe.de\/projekte\/wp-content\/uploads\/Umwelt-Produktdeklaration_Betonwerk_Lintel-001-212x300.jpg 212w, https:\/\/lintel-gruppe.de\/projekte\/wp-content\/uploads\/Umwelt-Produktdeklaration_Betonwerk_Lintel-001-768x1086.jpg 768w, https:\/\/lintel-gruppe.de\/projekte\/wp-content\/uploads\/Umwelt-Produktdeklaration_Betonwerk_Lintel-001-1086x1536.jpg 1086w, https:\/\/lintel-gruppe.de\/projekte\/wp-content\/uploads\/Umwelt-Produktdeklaration_Betonwerk_Lintel-001.jpg 1191w\" sizes=\"(max-width: 724px) 100vw, 724px\" \/>\t\t\t\t\t\t\t\t<\/a>\n\t\t\t\t\t\t\t\t\t\t\t\t\t\t\t<\/div>\n\t\t\t\t<\/div>\n\t\t\t\t\t<\/div>\n\t\t<\/div>\n\t\t\t\t<div class=\"elementor-column elementor-col-50 elementor-inner-column elementor-element elementor-element-316d7c5\" data-id=\"316d7c5\" data-element_type=\"column\" data-e-type=\"column\">\n\t\t\t<div class=\"elementor-widget-wrap elementor-element-populated\">\n\t\t\t\t\t\t<div class=\"elementor-element elementor-element-c7e8241 elementor-widget elementor-widget-image\" data-id=\"c7e8241\" data-element_type=\"widget\" data-e-type=\"widget\" data-widget_type=\"image.default\">\n\t\t\t\t<div class=\"elementor-widget-container\">\n\t\t\t\t\t\t\t\t\t\t\t\t<figure class=\"wp-caption\">\n\t\t\t\t\t\t\t\t\t\t<img decoding=\"async\" width=\"731\" height=\"1024\" src=\"https:\/\/lintel-gruppe.de\/projekte\/wp-content\/uploads\/still-life-sustainable-lifestyle-elements-composition-scaled-1-731x1024.jpg\" class=\"attachment-large size-large wp-image-10976\" alt=\"\" srcset=\"https:\/\/lintel-gruppe.de\/projekte\/wp-content\/uploads\/still-life-sustainable-lifestyle-elements-composition-scaled-1-731x1024.jpg 731w, https:\/\/lintel-gruppe.de\/projekte\/wp-content\/uploads\/still-life-sustainable-lifestyle-elements-composition-scaled-1-214x300.jpg 214w, https:\/\/lintel-gruppe.de\/projekte\/wp-content\/uploads\/still-life-sustainable-lifestyle-elements-composition-scaled-1-768x1076.jpg 768w, https:\/\/lintel-gruppe.de\/projekte\/wp-content\/uploads\/still-life-sustainable-lifestyle-elements-composition-scaled-1-1097x1536.jpg 1097w, https:\/\/lintel-gruppe.de\/projekte\/wp-content\/uploads\/still-life-sustainable-lifestyle-elements-composition-scaled-1-1462x2048.jpg 1462w, https:\/\/lintel-gruppe.de\/projekte\/wp-content\/uploads\/still-life-sustainable-lifestyle-elements-composition-scaled-1.jpg 1828w\" sizes=\"(max-width: 731px) 100vw, 731px\" \/>\t\t\t\t\t\t\t\t\t\t\t<figcaption class=\"widget-image-caption wp-caption-text\"><\/figcaption>\n\t\t\t\t\t\t\t\t\t\t<\/figure>\n\t\t\t\t\t\t\t\t\t<\/div>\n\t\t\t\t<\/div>\n\t\t\t\t\t<\/div>\n\t\t<\/div>\n\t\t\t\t\t<\/div>\n\t\t<\/section>\n\t\t\t\t<section class=\"elementor-section elementor-inner-section elementor-element elementor-element-5b9b9b5 elementor-section-full_width elementor-section-height-default elementor-section-height-default\" data-id=\"5b9b9b5\" data-element_type=\"section\" data-e-type=\"section\" data-settings=\"{&quot;jet_parallax_layout_list&quot;:[]}\">\n\t\t\t\t\t\t<div class=\"elementor-container elementor-column-gap-default\">\n\t\t\t\t\t<div class=\"elementor-column elementor-col-100 elementor-inner-column elementor-element elementor-element-6e94c3e\" data-id=\"6e94c3e\" data-element_type=\"column\" data-e-type=\"column\">\n\t\t\t<div class=\"elementor-widget-wrap elementor-element-populated\">\n\t\t\t\t\t\t<div class=\"elementor-element elementor-element-10fa984 elementor-widget elementor-widget-heading\" data-id=\"10fa984\" data-element_type=\"widget\" data-e-type=\"widget\" data-widget_type=\"heading.default\">\n\t\t\t\t<div class=\"elementor-widget-container\">\n\t\t\t\t\t<h2 class=\"elementor-heading-title elementor-size-default\">Grunds\u00e4tzliche Anfordernungen<\/h2>\t\t\t\t<\/div>\n\t\t\t\t<\/div>\n\t\t\t\t\t<\/div>\n\t\t<\/div>\n\t\t\t\t\t<\/div>\n\t\t<\/section>\n\t\t\t\t<section class=\"elementor-section elementor-inner-section elementor-element elementor-element-62fff83 elementor-section-boxed elementor-section-height-default elementor-section-height-default\" data-id=\"62fff83\" data-element_type=\"section\" data-e-type=\"section\" data-settings=\"{&quot;jet_parallax_layout_list&quot;:[]}\">\n\t\t\t\t\t\t<div class=\"elementor-container elementor-column-gap-default\">\n\t\t\t\t\t<div class=\"elementor-column elementor-col-50 elementor-inner-column elementor-element elementor-element-38893a9\" data-id=\"38893a9\" data-element_type=\"column\" data-e-type=\"column\">\n\t\t\t<div class=\"elementor-widget-wrap elementor-element-populated\">\n\t\t\t\t\t\t<div class=\"elementor-element elementor-element-bebb51c elementor-widget elementor-widget-text-editor\" data-id=\"bebb51c\" data-element_type=\"widget\" data-e-type=\"widget\" data-widget_type=\"text-editor.default\">\n\t\t\t\t<div class=\"elementor-widget-container\">\n\t\t\t\t\t\t\t\t\t<p><strong>Einhaltung geltenden Rechts<\/strong><\/p><ul><li>Die Einhaltung aller geltenden Gesetze und Vorschriften ist f\u00fcr uns selbstverst\u00e4ndlich. Nur so kann unser Unternehmenserfolg gesichert werden. Jeder Versto\u00df gegen geltende Gesetze oder Vorschriften kann sowohl f\u00fcr das Unternehmen als auch f\u00fcr Mitarbeitende schwerwiegende Folgen nach sich ziehen wie strafrechtliche Ahndung, arbeitsrechtliche Konsequenzen, Schadensersatz oder Rufsch\u00e4digung.<\/li><li>Wir gehen allen Hinweisen auf Verst\u00f6\u00dfe nach.<\/li><\/ul><div><p class=\"MsoNormalCxSpFirst\" style=\"margin-bottom: .0001pt; mso-add-space: auto; text-align: center; line-height: normal; mso-mirror-indents: yes;\" align=\"center\"><span style=\"mso-bidi-font-family: Calibri; mso-bidi-theme-font: minor-latin; color: #00b050;\"><b>Wir halten uns an geltendes Recht auf lokaler, nationaler und<br \/>internationaler Ebene.<\/b><\/span><\/p><\/div>\t\t\t\t\t\t\t\t<\/div>\n\t\t\t\t<\/div>\n\t\t\t\t\t<\/div>\n\t\t<\/div>\n\t\t\t\t<div class=\"elementor-column elementor-col-50 elementor-inner-column elementor-element elementor-element-3e07457\" data-id=\"3e07457\" data-element_type=\"column\" data-e-type=\"column\">\n\t\t\t<div class=\"elementor-widget-wrap elementor-element-populated\">\n\t\t\t\t\t\t<div class=\"elementor-element elementor-element-0d84d51 elementor-widget elementor-widget-text-editor\" data-id=\"0d84d51\" data-element_type=\"widget\" data-e-type=\"widget\" data-widget_type=\"text-editor.default\">\n\t\t\t\t<div class=\"elementor-widget-container\">\n\t\t\t\t\t\t\t\t\t<p><strong>Offene Aussprache<\/strong><\/p><ul><li>Die offene Aussprache von Bedenken tr\u00e4gt entscheidend dazu bei, dass Fehlverhalten seltener auftritt bzw. fr\u00fchzeitig erkannt und korrigiert wird. Wir ermutigen zu freiem und kritischem Denken und legen Wert auf ein offenes Klima, in dem sich Mitarbeitende bedenkenlos auch mit kritischen Sachverhalten an ihre Vorgesetzten oder die Gesch\u00e4ftsleitung wenden k\u00f6nnen.<\/li><li>Einsch\u00fcchterungsversuche und Repressalien gegen\u00fcber Mitarbeitenden, die in gutem Glauben ein tats\u00e4chliches oder vermutetes Fehlverhalten melden, werden nicht geduldet<\/li><li>Haben Mitarbeitende Vorbehalte, ihr Anliegen mit einer Kontaktperson im lokalen Umfeld zu besprechen, oder bleibt dies ohne Wirkung, k\u00f6nnen sie sich jederzeit an die interne Meldestelle wenden.<\/li><\/ul><div><p style=\"margin: 0cm; margin-bottom: .0001pt; mso-add-space: auto; text-align: center; line-height: normal; mso-mirror-indents: yes;\" align=\"center\"><span style=\"color: #00b050;\"><b>Wir ermutigen unsere Mitarbeitenden, Themen offen und ohne Sorge vor Repressalien anzusprechen. Personen, die in gutem Glauben Bedenken in Bezug auf Vorg\u00e4nge im Unternehmen \u00e4u\u00dfern, d\u00fcrfen deswegen keine Nachteile erfahren.<\/b><\/span><\/p><p style=\"margin: 0cm; margin-bottom: .0001pt; mso-add-space: auto; text-align: center; line-height: normal; mso-mirror-indents: yes;\" align=\"center\"><span style=\"mso-bidi-font-family: Calibri; mso-bidi-theme-font: minor-latin; color: #00b050;\">\u00a0<\/span><\/p><\/div>\t\t\t\t\t\t\t\t<\/div>\n\t\t\t\t<\/div>\n\t\t\t\t\t<\/div>\n\t\t<\/div>\n\t\t\t\t\t<\/div>\n\t\t<\/section>\n\t\t\t\t<section class=\"elementor-section elementor-inner-section elementor-element elementor-element-d580d5c elementor-section-boxed elementor-section-height-default elementor-section-height-default\" data-id=\"d580d5c\" data-element_type=\"section\" data-e-type=\"section\" data-settings=\"{&quot;jet_parallax_layout_list&quot;:[]}\">\n\t\t\t\t\t\t<div class=\"elementor-container elementor-column-gap-default\">\n\t\t\t\t\t<div class=\"elementor-column elementor-col-50 elementor-inner-column elementor-element elementor-element-1b22d38\" data-id=\"1b22d38\" data-element_type=\"column\" data-e-type=\"column\">\n\t\t\t<div class=\"elementor-widget-wrap elementor-element-populated\">\n\t\t\t\t\t\t<div class=\"elementor-element elementor-element-4f8adf0 elementor-widget elementor-widget-text-editor\" data-id=\"4f8adf0\" data-element_type=\"widget\" data-e-type=\"widget\" data-widget_type=\"text-editor.default\">\n\t\t\t\t<div class=\"elementor-widget-container\">\n\t\t\t\t\t\t\t\t\t<p><strong>Gegenseitiger Respekt und Vertrauen<\/strong><\/p><ul><li>Jede Person hat das Recht auf eine gerechte, w\u00fcrdevolle und respektvolle Behandlung. Wir bekennen uns zu Vielfalt, Inklusion und Chancengleichheit und stehen f\u00fcr ein Arbeitsumfeld, das von Respekt und Toleranz gepr\u00e4gt ist und in dem alle wertgesch\u00e4tzt werden. Sexuelle Bel\u00e4stigung, Diskriminierung, Rassismus, Mobbing, Machtmissbrauch, Einsch\u00fcchterung oder Bedrohung und andere Formen von Bel\u00e4stigung werden nicht toleriert.<\/li><li>Wir dulden keinerlei diskriminierendes Verhalten aus jedweden Gr\u00fcnden.<\/li><\/ul><p align=\"center\"><span style=\"color: #00b050;\"><span style=\"font-weight: bold;\">Wir gehen respektvoll und vertrauensvoll miteinander um und tolerieren weder Bel\u00e4stigung\u00a0<\/span><\/span><span style=\"color: #00b050;\"><span style=\"font-weight: bold;\">noch Diskriminierung.<\/span><\/span><\/p>\t\t\t\t\t\t\t\t<\/div>\n\t\t\t\t<\/div>\n\t\t\t\t\t<\/div>\n\t\t<\/div>\n\t\t\t\t<div class=\"elementor-column elementor-col-50 elementor-inner-column elementor-element elementor-element-04864ca\" data-id=\"04864ca\" data-element_type=\"column\" data-e-type=\"column\">\n\t\t\t<div class=\"elementor-widget-wrap elementor-element-populated\">\n\t\t\t\t\t\t<div class=\"elementor-element elementor-element-037e229 elementor-widget elementor-widget-image\" data-id=\"037e229\" data-element_type=\"widget\" data-e-type=\"widget\" data-widget_type=\"image.default\">\n\t\t\t\t<div class=\"elementor-widget-container\">\n\t\t\t\t\t\t\t\t\t\t\t\t<figure class=\"wp-caption\">\n\t\t\t\t\t\t\t\t\t\t<img decoding=\"async\" width=\"1536\" height=\"1024\" src=\"https:\/\/lintel-gruppe.de\/projekte\/wp-content\/uploads\/business-success-concept-wooden-table-top-view-hands-protecting-wooden-figures-people-scaled-1-1536x1024.jpg\" class=\"attachment-large size-large wp-image-10996\" alt=\"\" srcset=\"https:\/\/lintel-gruppe.de\/projekte\/wp-content\/uploads\/business-success-concept-wooden-table-top-view-hands-protecting-wooden-figures-people-scaled-1-1536x1024.jpg 1536w, https:\/\/lintel-gruppe.de\/projekte\/wp-content\/uploads\/business-success-concept-wooden-table-top-view-hands-protecting-wooden-figures-people-scaled-1-300x200.jpg 300w, https:\/\/lintel-gruppe.de\/projekte\/wp-content\/uploads\/business-success-concept-wooden-table-top-view-hands-protecting-wooden-figures-people-scaled-1-768x512.jpg 768w, https:\/\/lintel-gruppe.de\/projekte\/wp-content\/uploads\/business-success-concept-wooden-table-top-view-hands-protecting-wooden-figures-people-scaled-1-2048x1366.jpg 2048w\" sizes=\"(max-width: 1536px) 100vw, 1536px\" \/>\t\t\t\t\t\t\t\t\t\t\t<figcaption class=\"widget-image-caption wp-caption-text\">Bild: www.freepik.com<\/figcaption>\n\t\t\t\t\t\t\t\t\t\t<\/figure>\n\t\t\t\t\t\t\t\t\t<\/div>\n\t\t\t\t<\/div>\n\t\t\t\t\t<\/div>\n\t\t<\/div>\n\t\t\t\t\t<\/div>\n\t\t<\/section>\n\t\t\t\t<section class=\"elementor-section elementor-inner-section elementor-element elementor-element-29dda45 elementor-section-full_width elementor-section-height-default elementor-section-height-default\" data-id=\"29dda45\" data-element_type=\"section\" data-e-type=\"section\" data-settings=\"{&quot;jet_parallax_layout_list&quot;:[]}\">\n\t\t\t\t\t\t<div class=\"elementor-container elementor-column-gap-default\">\n\t\t\t\t\t<div class=\"elementor-column elementor-col-100 elementor-inner-column elementor-element elementor-element-d4289ff\" data-id=\"d4289ff\" data-element_type=\"column\" data-e-type=\"column\">\n\t\t\t<div class=\"elementor-widget-wrap elementor-element-populated\">\n\t\t\t\t\t\t<div class=\"elementor-element elementor-element-96f348d elementor-widget elementor-widget-spacer\" data-id=\"96f348d\" data-element_type=\"widget\" data-e-type=\"widget\" data-widget_type=\"spacer.default\">\n\t\t\t\t<div class=\"elementor-widget-container\">\n\t\t\t\t\t\t\t<div class=\"elementor-spacer\">\n\t\t\t<div class=\"elementor-spacer-inner\"><\/div>\n\t\t<\/div>\n\t\t\t\t\t\t<\/div>\n\t\t\t\t<\/div>\n\t\t\t\t<div class=\"elementor-element elementor-element-7cd6467 elementor-widget elementor-widget-heading\" data-id=\"7cd6467\" data-element_type=\"widget\" data-e-type=\"widget\" data-widget_type=\"heading.default\">\n\t\t\t\t<div class=\"elementor-widget-container\">\n\t\t\t\t\t<h2 class=\"elementor-heading-title elementor-size-default\">Verantwortung<\/h2>\t\t\t\t<\/div>\n\t\t\t\t<\/div>\n\t\t\t\t\t<\/div>\n\t\t<\/div>\n\t\t\t\t\t<\/div>\n\t\t<\/section>\n\t\t\t\t<section class=\"elementor-section elementor-inner-section elementor-element elementor-element-7e13a72 elementor-section-boxed elementor-section-height-default elementor-section-height-default\" data-id=\"7e13a72\" data-element_type=\"section\" data-e-type=\"section\" data-settings=\"{&quot;jet_parallax_layout_list&quot;:[]}\">\n\t\t\t\t\t\t<div class=\"elementor-container elementor-column-gap-default\">\n\t\t\t\t\t<div class=\"elementor-column elementor-col-50 elementor-inner-column elementor-element elementor-element-0cdcb21\" data-id=\"0cdcb21\" data-element_type=\"column\" data-e-type=\"column\">\n\t\t\t<div class=\"elementor-widget-wrap elementor-element-populated\">\n\t\t\t\t\t\t<div class=\"elementor-element elementor-element-39d1209 elementor-widget elementor-widget-text-editor\" data-id=\"39d1209\" data-element_type=\"widget\" data-e-type=\"widget\" data-widget_type=\"text-editor.default\">\n\t\t\t\t<div class=\"elementor-widget-container\">\n\t\t\t\t\t\t\t\t\t<p><strong>Menschenrechte<\/strong><\/p>\n<ul>\n<li>Wir achten die Menschenrechte, Pers\u00f6nlichkeitsrechte und W\u00fcrde unserer Mitarbeitenden und Dritter.<\/li>\n<li>Zwangsarbeit, Sklaverei und\/oder Kinderarbeit, sowie jede Form der Ausbeutung sind bei der Betonwerk Lintel GmbH &amp; Co. KG verboten.<\/li>\n<li>Wir erwarten, dass auch unsere Lieferanten und Gesch\u00e4ftspartner diese Werte teilen und sich zu deren Einhaltung verpflichten.<\/li>\n<\/ul>\n<div>\n<p style=\"margin-bottom: .0001pt; mso-add-space: auto; text-align: center; line-height: normal; mso-mirror-indents: yes;\" align=\"center\"><span style=\"mso-bidi-font-family: Calibri; mso-bidi-theme-font: minor-latin; color: #00b050;\"><b>Wir bekennen uns zu den Grunds\u00e4tzen der allgemeinen Erkl\u00e4rung der Menschenrechte und versichern die Einhaltung der ILO-Anforderungen. Wir erwarten, dass auch unsere Lieferanten und Gesch\u00e4ftspartner diese Werte teilen und sich zu deren Einhaltung verpflichten.<\/b><\/span><\/p>\n<\/div>\t\t\t\t\t\t\t\t<\/div>\n\t\t\t\t<\/div>\n\t\t\t\t<div class=\"elementor-element elementor-element-1316f24 elementor-button-info elementor-align-center elementor-widget elementor-widget-button\" data-id=\"1316f24\" data-element_type=\"widget\" data-e-type=\"widget\" data-widget_type=\"button.default\">\n\t\t\t\t<div class=\"elementor-widget-container\">\n\t\t\t\t\t\t\t\t\t<div class=\"elementor-button-wrapper\">\n\t\t\t\t\t<a class=\"elementor-button elementor-button-link elementor-size-sm\" href=\"https:\/\/lintel-gruppe.de\/cms\/wp-content\/uploads\/G1-02.2-Verhaltenscodex_Lieferanten_02_2024.pdf\">\n\t\t\t\t\t\t<span class=\"elementor-button-content-wrapper\">\n\t\t\t\t\t\t<span class=\"elementor-button-icon\">\n\t\t\t\t<i aria-hidden=\"true\" class=\"far fa-file-pdf\"><\/i>\t\t\t<\/span>\n\t\t\t\t\t\t\t\t\t<span class=\"elementor-button-text\">Lieferantenkodex<\/span>\n\t\t\t\t\t<\/span>\n\t\t\t\t\t<\/a>\n\t\t\t\t<\/div>\n\t\t\t\t\t\t\t\t<\/div>\n\t\t\t\t<\/div>\n\t\t\t\t\t<\/div>\n\t\t<\/div>\n\t\t\t\t<div class=\"elementor-column elementor-col-50 elementor-inner-column elementor-element elementor-element-3126003\" data-id=\"3126003\" data-element_type=\"column\" data-e-type=\"column\">\n\t\t\t<div class=\"elementor-widget-wrap elementor-element-populated\">\n\t\t\t\t\t\t<div class=\"elementor-element elementor-element-8d30455 elementor-widget elementor-widget-text-editor\" data-id=\"8d30455\" data-element_type=\"widget\" data-e-type=\"widget\" data-widget_type=\"text-editor.default\">\n\t\t\t\t<div class=\"elementor-widget-container\">\n\t\t\t\t\t\t\t\t\t<p>\u00a0<\/p><p><strong>Umwelt und Klimaschutz<\/strong><\/p><ul><li>Wir halten uns an alle geltenden Umweltvorschriften sowie an interne Umweltleitlinien.<\/li><li>Wir streben an, die Ressourcen- und Energieeffizienz bei Herstellung und Vertrieb unserer Produkte zu steigern und achten auf Nachhaltigkeit.<\/li><li>Wir beschaffen und nutzen Ressourcen wie Wasser und Energie verantwortungsvoll.<\/li><\/ul><div><p style=\"margin: 0cm; margin-bottom: .0001pt; mso-add-space: auto; text-align: center; line-height: normal; mso-mirror-indents: yes;\" align=\"center\"><span style=\"mso-bidi-font-family: Calibri; mso-bidi-theme-font: minor-latin; color: #00b050;\"><b>Der Schutz der Umwelt und des Klimas bildet einen wesentlichen Teil unserer unternehmerischen Verantwortung.<\/b><\/span><\/p><p style=\"margin: 0cm; margin-bottom: .0001pt; mso-add-space: auto; text-align: center; line-height: normal; mso-mirror-indents: yes;\" align=\"center\"><span style=\"mso-bidi-font-family: Calibri; mso-bidi-theme-font: minor-latin; color: #00b050;\"><b>\u00a0<\/b><\/span><\/p><\/div>\t\t\t\t\t\t\t\t<\/div>\n\t\t\t\t<\/div>\n\t\t\t\t<div class=\"elementor-element elementor-element-a4c8623 elementor-button-info elementor-align-center elementor-widget elementor-widget-button\" data-id=\"a4c8623\" data-element_type=\"widget\" data-e-type=\"widget\" data-widget_type=\"button.default\">\n\t\t\t\t<div class=\"elementor-widget-container\">\n\t\t\t\t\t\t\t\t\t<div class=\"elementor-button-wrapper\">\n\t\t\t\t\t<a class=\"elementor-button elementor-button-link elementor-size-sm\" href=\"https:\/\/lintel-gruppe.de\/cms\/wp-content\/uploads\/U5-03_Wasserziel.pdf\">\n\t\t\t\t\t\t<span class=\"elementor-button-content-wrapper\">\n\t\t\t\t\t\t<span class=\"elementor-button-icon\">\n\t\t\t\t<i aria-hidden=\"true\" class=\"far fa-file-pdf\"><\/i>\t\t\t<\/span>\n\t\t\t\t\t\t\t\t\t<span class=\"elementor-button-text\">Wasserziele <\/span>\n\t\t\t\t\t<\/span>\n\t\t\t\t\t<\/a>\n\t\t\t\t<\/div>\n\t\t\t\t\t\t\t\t<\/div>\n\t\t\t\t<\/div>\n\t\t\t\t\t<\/div>\n\t\t<\/div>\n\t\t\t\t\t<\/div>\n\t\t<\/section>\n\t\t\t\t<section class=\"elementor-section elementor-inner-section elementor-element elementor-element-259e4e1 elementor-section-boxed elementor-section-height-default elementor-section-height-default\" data-id=\"259e4e1\" data-element_type=\"section\" data-e-type=\"section\" data-settings=\"{&quot;jet_parallax_layout_list&quot;:[]}\">\n\t\t\t\t\t\t<div class=\"elementor-container elementor-column-gap-default\">\n\t\t\t\t\t<div class=\"elementor-column elementor-col-50 elementor-inner-column elementor-element elementor-element-2843035\" data-id=\"2843035\" data-element_type=\"column\" data-e-type=\"column\">\n\t\t\t<div class=\"elementor-widget-wrap elementor-element-populated\">\n\t\t\t\t\t\t<div class=\"elementor-element elementor-element-1818d22 elementor-widget elementor-widget-text-editor\" data-id=\"1818d22\" data-element_type=\"widget\" data-e-type=\"widget\" data-widget_type=\"text-editor.default\">\n\t\t\t\t<div class=\"elementor-widget-container\">\n\t\t\t\t\t\t\t\t\t<p><strong>\u00a0<\/strong><\/p><p><strong>Gesundheit und Sicherheit <\/strong><\/p><ul><li>Wir halten die Gesetze und Regeln zur Arbeitssicherheit und zur Gesundheit am Arbeitsplatz ein und sorgen f\u00fcr ein gesundes und gefahrenfreies Arbeitsumfeld unserer Mitarbeitenden.<\/li><\/ul><div><p style=\"margin: 0cm; margin-bottom: .0001pt; mso-add-space: auto; text-align: center; line-height: normal; mso-mirror-indents: yes;\" align=\"center\"><span style=\"mso-bidi-font-family: Calibri; mso-bidi-theme-font: minor-latin; color: #00b050;\"><b>Die Gew\u00e4hrleistung fairer Arbeitsbedingungen sowie von Sicherheit und Gesundheit am Arbeitsplatz sind ein fester Bestandteil unserer Unternehmenskultur.<\/b><\/span><\/p><\/div>\t\t\t\t\t\t\t\t<\/div>\n\t\t\t\t<\/div>\n\t\t\t\t\t<\/div>\n\t\t<\/div>\n\t\t\t\t<div class=\"elementor-column elementor-col-50 elementor-inner-column elementor-element elementor-element-ddc571d\" data-id=\"ddc571d\" data-element_type=\"column\" data-e-type=\"column\">\n\t\t\t<div class=\"elementor-widget-wrap elementor-element-populated\">\n\t\t\t\t\t\t<div class=\"elementor-element elementor-element-ee5f845 elementor-widget elementor-widget-text-editor\" data-id=\"ee5f845\" data-element_type=\"widget\" data-e-type=\"widget\" data-widget_type=\"text-editor.default\">\n\t\t\t\t<div class=\"elementor-widget-container\">\n\t\t\t\t\t\t\t\t\t<p><strong>\u00a0<\/strong><\/p><p><strong>Folgende Umweltziele m\u00f6chten wir erreichen:\u00a0<\/strong><\/p><ul><li style=\"text-indent: 0px;\"><p><span style=\"font-family: Arial, sans-serif; text-indent: -17.85pt;\">Reduzierung der CO<\/span><sub style=\"font-family: Arial, sans-serif; text-indent: -17.85pt;\">2<\/sub><span style=\"font-family: Arial, sans-serif; text-indent: -17.85pt;\">-Emissionen des Energieverbrauchs bezogen auf die Gesamtproduktion Betonwaren [to] um 20,0 % bis zum Jahr 2025 im Vergleich zu 2020.<\/span><\/p><\/li><li style=\"text-align: left;\"><p>Verringerung der vor- und nachgelagerten CO<sub>2<\/sub>-Emissionen\u00a0<span style=\"text-indent: -17.85pt; font-family: Arial, sans-serif;\">bezogen auf die <\/span><span style=\"text-indent: -17.85pt; font-family: Arial, sans-serif;\">Gesamtproduktion Betonwaren [to] um 10,0 % bis zum Jahr 2025 im Vergleich zu 2020.<\/span><\/p><\/li><\/ul>\t\t\t\t\t\t\t\t<\/div>\n\t\t\t\t<\/div>\n\t\t\t\t\t<\/div>\n\t\t<\/div>\n\t\t\t\t\t<\/div>\n\t\t<\/section>\n\t\t\t\t<div class=\"elementor-element elementor-element-eb2cffb elementor-widget elementor-widget-spacer\" data-id=\"eb2cffb\" data-element_type=\"widget\" data-e-type=\"widget\" data-widget_type=\"spacer.default\">\n\t\t\t\t<div class=\"elementor-widget-container\">\n\t\t\t\t\t\t\t<div class=\"elementor-spacer\">\n\t\t\t<div class=\"elementor-spacer-inner\"><\/div>\n\t\t<\/div>\n\t\t\t\t\t\t<\/div>\n\t\t\t\t<\/div>\n\t\t\t\t<div class=\"elementor-element elementor-element-b5c5a96 elementor-widget elementor-widget-heading\" data-id=\"b5c5a96\" data-element_type=\"widget\" data-e-type=\"widget\" data-widget_type=\"heading.default\">\n\t\t\t\t<div class=\"elementor-widget-container\">\n\t\t\t\t\t<h2 class=\"elementor-heading-title elementor-size-default\">Gesch\u00e4ftspartner und Dritte <\/h2>\t\t\t\t<\/div>\n\t\t\t\t<\/div>\n\t\t\t\t<section class=\"elementor-section elementor-inner-section elementor-element elementor-element-d27fed1 elementor-section-boxed elementor-section-height-default elementor-section-height-default\" data-id=\"d27fed1\" data-element_type=\"section\" data-e-type=\"section\" data-settings=\"{&quot;jet_parallax_layout_list&quot;:[]}\">\n\t\t\t\t\t\t<div class=\"elementor-container elementor-column-gap-default\">\n\t\t\t\t\t<div class=\"elementor-column elementor-col-50 elementor-inner-column elementor-element elementor-element-08046ad\" data-id=\"08046ad\" data-element_type=\"column\" data-e-type=\"column\">\n\t\t\t<div class=\"elementor-widget-wrap elementor-element-populated\">\n\t\t\t\t\t\t<div class=\"elementor-element elementor-element-d0ccd01 elementor-widget elementor-widget-text-editor\" data-id=\"d0ccd01\" data-element_type=\"widget\" data-e-type=\"widget\" data-widget_type=\"text-editor.default\">\n\t\t\t\t<div class=\"elementor-widget-container\">\n\t\t\t\t\t\t\t\t\t<p><strong>Beziehungen zu Gesch\u00e4ftspartnern<\/strong><\/p><ul><li>Wir treffen unsere Einkaufsentscheidungen fair und integer anhand objektiver Kriterien wie Qualit\u00e4t, Preis, Service, Zuverl\u00e4ssigkeit, Verf\u00fcgbarkeit, Ressourcen- und Energieeffizienz sowie Umweltvertr\u00e4glichkeit.<\/li><\/ul><div><p style=\"margin: 0cm; margin-bottom: .0001pt; mso-add-space: auto; text-align: center; line-height: normal; mso-mirror-indents: yes;\" align=\"center\"><span style=\"mso-bidi-font-family: Calibri; mso-bidi-theme-font: minor-latin; color: #00b050;\"><b>Wir handeln integer in unseren Gesch\u00e4ftsbeziehungen zu anderen und erwarten auch von unseren Gesch\u00e4ftspartnern, dass sie sich an Recht und Gesetz halten.<\/b><\/span><\/p><\/div>\t\t\t\t\t\t\t\t<\/div>\n\t\t\t\t<\/div>\n\t\t\t\t\t<\/div>\n\t\t<\/div>\n\t\t\t\t<div class=\"elementor-column elementor-col-50 elementor-inner-column elementor-element elementor-element-0cd40da\" data-id=\"0cd40da\" data-element_type=\"column\" data-e-type=\"column\">\n\t\t\t<div class=\"elementor-widget-wrap elementor-element-populated\">\n\t\t\t\t\t\t<div class=\"elementor-element elementor-element-77b9ff5 elementor-widget elementor-widget-text-editor\" data-id=\"77b9ff5\" data-element_type=\"widget\" data-e-type=\"widget\" data-widget_type=\"text-editor.default\">\n\t\t\t\t<div class=\"elementor-widget-container\">\n\t\t\t\t\t\t\t\t\t<p><strong>Schutz vor Korruption und Bestechung<\/strong><\/p><ul><li>Wir tolerieren keine Form von Bestechung und Bestechlichkeit.<\/li><li>Wir erwarten von unseren Mitarbeitenden und Lieferanten, h\u00f6chste Standards an ihr moralisches und ethisches Verhalten anzulegen, lokale Gesetze einzuhalten und sich in keiner Form an Korruptionspraktiken wie Erpressung, Betrug oder Bestechung zu beteiligen.<\/li><\/ul><div><p style=\"margin-bottom: .0001pt; mso-add-space: auto; text-align: center; line-height: normal; mso-mirror-indents: yes;\" align=\"center\"><span style=\"mso-bidi-font-family: Calibri; mso-bidi-theme-font: minor-latin; color: #00b050;\"><b>Wir verurteilen jede Form von Korruption und Bestechung.<\/b><\/span><\/p><\/div>\t\t\t\t\t\t\t\t<\/div>\n\t\t\t\t<\/div>\n\t\t\t\t\t<\/div>\n\t\t<\/div>\n\t\t\t\t\t<\/div>\n\t\t<\/section>\n\t\t\t\t<section class=\"elementor-section elementor-inner-section elementor-element elementor-element-41faf27 elementor-section-boxed elementor-section-height-default elementor-section-height-default\" data-id=\"41faf27\" data-element_type=\"section\" data-e-type=\"section\" data-settings=\"{&quot;jet_parallax_layout_list&quot;:[]}\">\n\t\t\t\t\t\t<div class=\"elementor-container elementor-column-gap-default\">\n\t\t\t\t\t<div class=\"elementor-column elementor-col-50 elementor-inner-column elementor-element elementor-element-89e53d7\" data-id=\"89e53d7\" data-element_type=\"column\" data-e-type=\"column\">\n\t\t\t<div class=\"elementor-widget-wrap elementor-element-populated\">\n\t\t\t\t\t\t<div class=\"elementor-element elementor-element-5316d33 elementor-widget elementor-widget-text-editor\" data-id=\"5316d33\" data-element_type=\"widget\" data-e-type=\"widget\" data-widget_type=\"text-editor.default\">\n\t\t\t\t<div class=\"elementor-widget-container\">\n\t\t\t\t\t\t\t\t\t<p><strong>\u00a0<\/strong><\/p><p><strong>Fairer Wettbewerb<\/strong><\/p><ul><li>Wir erkl\u00e4ren, dass wir die Grunds\u00e4tze des freien Wettbewerbs anerkennen und hiernach handeln werden. Wir haben keine kartellrechtswidrigen Absprachen mit Wettbewerbern getroffen und werden dies auch in Zukunft nicht tun.<\/li><\/ul><div><p style=\"margin-bottom: .0001pt; mso-add-space: auto; text-align: center; line-height: normal; mso-mirror-indents: yes;\" align=\"center\"><span style=\"mso-bidi-font-family: Calibri; mso-bidi-theme-font: minor-latin; color: #00b050;\"><b>Wir bekennen uns zum Prinzip des fairen Wettbewerbs. Wir sind der Einhaltung des geltenden Kartell- und Wettbewerbsrechts verpflichtet.<\/b><\/span><\/p><\/div>\t\t\t\t\t\t\t\t<\/div>\n\t\t\t\t<\/div>\n\t\t\t\t\t<\/div>\n\t\t<\/div>\n\t\t\t\t<div class=\"elementor-column elementor-col-50 elementor-inner-column elementor-element elementor-element-4e6b432\" data-id=\"4e6b432\" data-element_type=\"column\" data-e-type=\"column\">\n\t\t\t<div class=\"elementor-widget-wrap elementor-element-populated\">\n\t\t\t\t\t\t<div class=\"elementor-element elementor-element-3651625 elementor-widget elementor-widget-text-editor\" data-id=\"3651625\" data-element_type=\"widget\" data-e-type=\"widget\" data-widget_type=\"text-editor.default\">\n\t\t\t\t<div class=\"elementor-widget-container\">\n\t\t\t\t\t\t\t\t\t<p><strong>\u00a0<\/strong><\/p><p><strong>Umgang mit politischen Institutionen und Beh\u00f6rden<\/strong><\/p><ul><li>Als Unternehmen pflegen wir einen verantwortungsvollen politischen Umgang mit der Gemeinde, indem wir fr\u00fchzeitig bei der Planung von betrieblichen Ver\u00e4nderungen den Kontakt suchen.<\/li><\/ul><div><p style=\"margin-bottom: .0001pt; mso-add-space: auto; text-align: center; line-height: normal; mso-mirror-indents: yes;\" align=\"center\"><span style=\"mso-bidi-font-family: Calibri; mso-bidi-theme-font: minor-latin; color: #00b050;\"><b>Wir pflegen ein korrektes und rechtlich einwandfreies Verh\u00e4ltnis zu allen Aufsichtsbeh\u00f6rden.<\/b><\/span><\/p><\/div>\t\t\t\t\t\t\t\t<\/div>\n\t\t\t\t<\/div>\n\t\t\t\t\t<\/div>\n\t\t<\/div>\n\t\t\t\t\t<\/div>\n\t\t<\/section>\n\t\t\t\t<section class=\"elementor-section elementor-inner-section elementor-element elementor-element-6056163 elementor-section-boxed elementor-section-height-default elementor-section-height-default\" data-id=\"6056163\" data-element_type=\"section\" data-e-type=\"section\" data-settings=\"{&quot;jet_parallax_layout_list&quot;:[]}\">\n\t\t\t\t\t\t<div class=\"elementor-container elementor-column-gap-default\">\n\t\t\t\t\t<div class=\"elementor-column elementor-col-50 elementor-inner-column elementor-element elementor-element-f16f754\" data-id=\"f16f754\" data-element_type=\"column\" data-e-type=\"column\">\n\t\t\t<div class=\"elementor-widget-wrap elementor-element-populated\">\n\t\t\t\t\t\t<div class=\"elementor-element elementor-element-441993a elementor-widget elementor-widget-image\" data-id=\"441993a\" data-element_type=\"widget\" data-e-type=\"widget\" data-widget_type=\"image.default\">\n\t\t\t\t<div class=\"elementor-widget-container\">\n\t\t\t\t\t\t\t\t\t\t\t\t<figure class=\"wp-caption\">\n\t\t\t\t\t\t\t\t\t\t<img loading=\"lazy\" decoding=\"async\" width=\"300\" height=\"200\" src=\"https:\/\/lintel-gruppe.de\/projekte\/wp-content\/uploads\/close-up-two-business-people-shaking-hands-while-sitting-working-place-scaled-1-300x200.jpg\" class=\"attachment-medium size-medium wp-image-11068\" alt=\"\" srcset=\"https:\/\/lintel-gruppe.de\/projekte\/wp-content\/uploads\/close-up-two-business-people-shaking-hands-while-sitting-working-place-scaled-1-300x200.jpg 300w, https:\/\/lintel-gruppe.de\/projekte\/wp-content\/uploads\/close-up-two-business-people-shaking-hands-while-sitting-working-place-scaled-1-1534x1024.jpg 1534w, https:\/\/lintel-gruppe.de\/projekte\/wp-content\/uploads\/close-up-two-business-people-shaking-hands-while-sitting-working-place-scaled-1-768x513.jpg 768w, https:\/\/lintel-gruppe.de\/projekte\/wp-content\/uploads\/close-up-two-business-people-shaking-hands-while-sitting-working-place-scaled-1-1536x1025.jpg 1536w, https:\/\/lintel-gruppe.de\/projekte\/wp-content\/uploads\/close-up-two-business-people-shaking-hands-while-sitting-working-place-scaled-1-2048x1367.jpg 2048w\" sizes=\"(max-width: 300px) 100vw, 300px\" \/>\t\t\t\t\t\t\t\t\t\t\t<figcaption class=\"widget-image-caption wp-caption-text\">Bild von jcomp auf Freepik<\/figcaption>\n\t\t\t\t\t\t\t\t\t\t<\/figure>\n\t\t\t\t\t\t\t\t\t<\/div>\n\t\t\t\t<\/div>\n\t\t\t\t\t<\/div>\n\t\t<\/div>\n\t\t\t\t<div class=\"elementor-column elementor-col-50 elementor-inner-column elementor-element elementor-element-522c8fc\" data-id=\"522c8fc\" data-element_type=\"column\" data-e-type=\"column\">\n\t\t\t<div class=\"elementor-widget-wrap elementor-element-populated\">\n\t\t\t\t\t\t<div class=\"elementor-element elementor-element-fb6997d elementor-widget elementor-widget-text-editor\" data-id=\"fb6997d\" data-element_type=\"widget\" data-e-type=\"widget\" data-widget_type=\"text-editor.default\">\n\t\t\t\t<div class=\"elementor-widget-container\">\n\t\t\t\t\t\t\t\t\t<p><strong>\u00a0<\/strong><\/p><p><strong>\u00a0<\/strong><strong>Produktqualit\u00e4t<\/strong><\/p><ul><li>Unser Anspruch ist es, unseren Kunden hochwertige Produkte von einwandfreier Qualit\u00e4t zu bieten. Durch den Einsatz modernster Technologien und hochwertiger Materialien gew\u00e4hrleisten wir die Langlebigkeit und Zuverl\u00e4ssigkeit unserer Produkte.<\/li><li>Wir streben nach kontinuierlicher Verbesserung in allen Bereichen unseres Unternehmens. Durch regelm\u00e4\u00dfige \u00dcberpr\u00fcfung unserer Prozesse, Schulung unserer Mitarbeiter und Einbeziehung des Kundenfeedbacks streben wir danach, unsere Leistung st\u00e4ndig zu optimieren.<\/li><\/ul><div><p style=\"margin-bottom: .0001pt; mso-add-space: auto; text-align: center; line-height: normal; mso-mirror-indents: yes;\" align=\"center\"><span style=\"mso-bidi-font-family: Calibri; mso-bidi-theme-font: minor-latin; color: #00b050;\"><b>Wir entwickeln und produzieren hochwertige Produkte f\u00fcr unsere Kunden.<\/b><\/span><\/p><p style=\"margin-bottom: .0001pt; mso-add-space: auto; line-height: normal; mso-mirror-indents: yes;\"><span style=\"mso-bidi-font-family: Calibri; mso-bidi-theme-font: minor-latin; color: #00b050;\">\u00a0<\/span><\/p><\/div>\t\t\t\t\t\t\t\t<\/div>\n\t\t\t\t<\/div>\n\t\t\t\t\t<\/div>\n\t\t<\/div>\n\t\t\t\t\t<\/div>\n\t\t<\/section>\n\t\t\t\t<section class=\"elementor-section elementor-inner-section elementor-element elementor-element-06e66f5 elementor-section-full_width elementor-section-height-default elementor-section-height-default\" data-id=\"06e66f5\" data-element_type=\"section\" data-e-type=\"section\" data-settings=\"{&quot;jet_parallax_layout_list&quot;:[]}\">\n\t\t\t\t\t\t<div class=\"elementor-container elementor-column-gap-extended\">\n\t\t\t\t\t<div class=\"elementor-column elementor-col-100 elementor-inner-column elementor-element elementor-element-31f8ebf\" data-id=\"31f8ebf\" data-element_type=\"column\" data-e-type=\"column\">\n\t\t\t<div class=\"elementor-widget-wrap elementor-element-populated\">\n\t\t\t\t\t\t<div class=\"elementor-element elementor-element-1df31cd elementor-widget elementor-widget-spacer\" data-id=\"1df31cd\" data-element_type=\"widget\" data-e-type=\"widget\" data-widget_type=\"spacer.default\">\n\t\t\t\t<div class=\"elementor-widget-container\">\n\t\t\t\t\t\t\t<div class=\"elementor-spacer\">\n\t\t\t<div class=\"elementor-spacer-inner\"><\/div>\n\t\t<\/div>\n\t\t\t\t\t\t<\/div>\n\t\t\t\t<\/div>\n\t\t\t\t<div class=\"elementor-element elementor-element-2abdde0 elementor-widget elementor-widget-heading\" data-id=\"2abdde0\" data-element_type=\"widget\" data-e-type=\"widget\" data-widget_type=\"heading.default\">\n\t\t\t\t<div class=\"elementor-widget-container\">\n\t\t\t\t\t<h2 class=\"elementor-heading-title elementor-size-default\">Eigentum und Finanzen<\/h2>\t\t\t\t<\/div>\n\t\t\t\t<\/div>\n\t\t\t\t\t<\/div>\n\t\t<\/div>\n\t\t\t\t\t<\/div>\n\t\t<\/section>\n\t\t\t\t<section class=\"elementor-section elementor-inner-section elementor-element elementor-element-8473a16 elementor-section-boxed elementor-section-height-default elementor-section-height-default\" data-id=\"8473a16\" data-element_type=\"section\" data-e-type=\"section\" data-settings=\"{&quot;jet_parallax_layout_list&quot;:[]}\">\n\t\t\t\t\t\t<div class=\"elementor-container elementor-column-gap-default\">\n\t\t\t\t\t<div class=\"elementor-column elementor-col-100 elementor-inner-column elementor-element elementor-element-9208d07\" data-id=\"9208d07\" data-element_type=\"column\" data-e-type=\"column\">\n\t\t\t<div class=\"elementor-widget-wrap elementor-element-populated\">\n\t\t\t\t\t\t<div class=\"elementor-element elementor-element-ec9ae1f elementor-widget elementor-widget-text-editor\" data-id=\"ec9ae1f\" data-element_type=\"widget\" data-e-type=\"widget\" data-widget_type=\"text-editor.default\">\n\t\t\t\t<div class=\"elementor-widget-container\">\n\t\t\t\t\t\t\t\t\t<p><strong>Schutz geistigen Eigentums <\/strong><\/p><ul><li>Der Schutz geistigen Eigentums ist f\u00fcr uns von wesentlicher gesch\u00e4ftspolitischer Bedeutung. Das gilt f\u00fcr physisches Eigentum, Grund und Boden, sowie f\u00fcr geistiges Eigentum.<\/li><\/ul><div><p style=\"margin-bottom: .0001pt; mso-add-space: auto; text-align: center; line-height: normal; mso-mirror-indents: yes;\" align=\"center\"><span style=\"mso-bidi-font-family: Calibri; mso-bidi-theme-font: minor-latin; color: #00b050;\"><b>Wir respektieren und sch\u00fctzen geistiges Eigentum jeglicher Art.<\/b><\/span><\/p><\/div>\t\t\t\t\t\t\t\t<\/div>\n\t\t\t\t<\/div>\n\t\t\t\t\t<\/div>\n\t\t<\/div>\n\t\t\t\t\t<\/div>\n\t\t<\/section>\n\t\t\t\t<section class=\"elementor-section elementor-inner-section elementor-element elementor-element-00d5cef elementor-section-boxed elementor-section-height-default elementor-section-height-default\" data-id=\"00d5cef\" data-element_type=\"section\" data-e-type=\"section\" data-settings=\"{&quot;jet_parallax_layout_list&quot;:[]}\">\n\t\t\t\t\t\t<div class=\"elementor-container elementor-column-gap-default\">\n\t\t\t\t\t<div class=\"elementor-column elementor-col-50 elementor-inner-column elementor-element elementor-element-b6b2b0b\" data-id=\"b6b2b0b\" data-element_type=\"column\" data-e-type=\"column\">\n\t\t\t<div class=\"elementor-widget-wrap elementor-element-populated\">\n\t\t\t\t\t\t<div class=\"elementor-element elementor-element-33300f0 elementor-widget elementor-widget-text-editor\" data-id=\"33300f0\" data-element_type=\"widget\" data-e-type=\"widget\" data-widget_type=\"text-editor.default\">\n\t\t\t\t<div class=\"elementor-widget-container\">\n\t\t\t\t\t\t\t\t\t<p><strong>\u00a0<\/strong><\/p><p><strong>Datenschutz <\/strong><\/p><ul><li>Bei der Erhebung, Speicherung, Verarbeitung oder \u00dcbertragung personenbezogener Daten (z. B. Name, Adresse, Telefonnummer, Geburtsdatum, etc.) von Mitarbeitenden, Kunden oder anderen Dritten achten wir auf gr\u00f6\u00dfte Sorgfalt und strenge Vertraulichkeit sowie die Einhaltung geltender Gesetze und Regeln.<\/li><li>Mitarbeitende, die mit personenbezogenen Daten umgehen, erhalten Beratung und Unterst\u00fctzung durch die zust\u00e4ndigen Datenschutzbeauftragten.<\/li><\/ul><div><p style=\"margin-bottom: .0001pt; mso-add-space: auto; text-align: center; line-height: normal; mso-mirror-indents: yes;\" align=\"center\"><span style=\"mso-bidi-font-family: Calibri; mso-bidi-theme-font: minor-latin; color: #00b050;\"><b>Wir beachten die geltenden Gesetze und Regeln, wenn wir personenbezogene Daten und Informationen erheben, speichern, verarbeiten oder \u00fcbertragen.<\/b><\/span><\/p><\/div>\t\t\t\t\t\t\t\t<\/div>\n\t\t\t\t<\/div>\n\t\t\t\t\t<\/div>\n\t\t<\/div>\n\t\t\t\t<div class=\"elementor-column elementor-col-50 elementor-inner-column elementor-element elementor-element-73d963e\" data-id=\"73d963e\" data-element_type=\"column\" data-e-type=\"column\">\n\t\t\t<div class=\"elementor-widget-wrap elementor-element-populated\">\n\t\t\t\t\t\t<div class=\"elementor-element elementor-element-91f277a elementor-widget elementor-widget-text-editor\" data-id=\"91f277a\" data-element_type=\"widget\" data-e-type=\"widget\" data-widget_type=\"text-editor.default\">\n\t\t\t\t<div class=\"elementor-widget-container\">\n\t\t\t\t\t\t\t\t\t<p><strong>\u00a0<\/strong><\/p><p><strong>Finanzielle Integrit\u00e4t <\/strong><\/p><ul><li>Gesch\u00e4ftstransaktionen und Unterlagen unseres Unternehmens m\u00fcssen korrekt und ordnungsgem\u00e4\u00df sein. Wir erfassen und dokumentieren alle Gesch\u00e4ftsvorg\u00e4nge, Verm\u00f6genswerte und Verbindlichkeiten in \u00dcbereinstimmung mit den gesetzlichen Anforderungen.<\/li><li>Um die ordnungsgem\u00e4\u00dfe Dokumentation und Aufbewahrung von Unterlagen sicherzustellen, sind h\u00f6chste Genauigkeit und Vollst\u00e4ndigkeit sowie Verantwortungsbewusstsein bei allen Gesch\u00e4ftsabl\u00e4ufen unverzichtbar.<\/li><li>F\u00fcr die Finanzbuchhaltung relevante Dokumente d\u00fcrfen nicht bewusst mit falschen oder irref\u00fchrenden Eintr\u00e4gen versehen werden.<\/li><li>Wir halten steuerliche Vorschriften ein und erf\u00fcllen unsere steuerlichen Pflichten.<\/li><\/ul><div><p style=\"margin-bottom: .0001pt; mso-add-space: auto; text-align: center; line-height: normal; mso-mirror-indents: yes;\" align=\"center\"><span style=\"mso-bidi-font-family: Calibri; mso-bidi-theme-font: minor-latin; color: #00b050;\"><b>Wir f\u00fchren unsere Gesch\u00e4fte, die Aufbewahrung von Unterlagen sowie die Finanzberichterstattung ordnungsgem\u00e4\u00df und transparent aus.<\/b><\/span><\/p><\/div>\t\t\t\t\t\t\t\t<\/div>\n\t\t\t\t<\/div>\n\t\t\t\t\t<\/div>\n\t\t<\/div>\n\t\t\t\t\t<\/div>\n\t\t<\/section>\n\t\t\t\t<div class=\"elementor-element elementor-element-175511e elementor-widget elementor-widget-spacer\" data-id=\"175511e\" data-element_type=\"widget\" data-e-type=\"widget\" data-widget_type=\"spacer.default\">\n\t\t\t\t<div class=\"elementor-widget-container\">\n\t\t\t\t\t\t\t<div class=\"elementor-spacer\">\n\t\t\t<div class=\"elementor-spacer-inner\"><\/div>\n\t\t<\/div>\n\t\t\t\t\t\t<\/div>\n\t\t\t\t<\/div>\n\t\t\t\t<div class=\"elementor-element elementor-element-1a028f3 elementor-widget elementor-widget-heading\" data-id=\"1a028f3\" data-element_type=\"widget\" data-e-type=\"widget\" data-widget_type=\"heading.default\">\n\t\t\t\t<div class=\"elementor-widget-container\">\n\t\t\t\t\t<h2 class=\"elementor-heading-title elementor-size-default\">Umwelt-Produktdeklaration<\/h2>\t\t\t\t<\/div>\n\t\t\t\t<\/div>\n\t\t\t\t<section class=\"elementor-section elementor-inner-section elementor-element elementor-element-47e0489 elementor-section-boxed elementor-section-height-default elementor-section-height-default\" data-id=\"47e0489\" data-element_type=\"section\" data-e-type=\"section\" data-settings=\"{&quot;jet_parallax_layout_list&quot;:[]}\">\n\t\t\t\t\t\t<div class=\"elementor-container elementor-column-gap-default\">\n\t\t\t\t\t<div class=\"elementor-column elementor-col-50 elementor-inner-column elementor-element elementor-element-81c149b\" data-id=\"81c149b\" data-element_type=\"column\" data-e-type=\"column\">\n\t\t\t<div class=\"elementor-widget-wrap elementor-element-populated\">\n\t\t\t\t\t\t<div class=\"elementor-element elementor-element-e1dbbc4 elementor-widget elementor-widget-text-editor\" data-id=\"e1dbbc4\" data-element_type=\"widget\" data-e-type=\"widget\" data-widget_type=\"text-editor.default\">\n\t\t\t\t<div class=\"elementor-widget-container\">\n\t\t\t\t\t\t\t\t\t<h3>Was ist eine EPD?<\/h3><div>Bei der EPD handelt es sich um eine Umwelt-Produktdeklaration. Die drei Buchstaben stehen f\u00fcr die englische Bezeichnung Environmental Product Declaration.<\/div><div>Die EPD beschreibt Baustoffe, Bauprodukte oder Baukomponenten im Hinblick auf ihre Umweltwirkungen auf Basis von \u00d6kobilanzen sowie ihre funktionalen und technischen Eigenschaften. Diese quantitativen, objektiven und verifizierten Informationen beziehen sich auf den gesamten Lebenszyklus des Bauprodukts. Deshalb bilden EPDs eine wichtige Grundlage f\u00fcr die Nachhaltigkeitsbewertung von Bauwerken.\u00a0<\/div>\t\t\t\t\t\t\t\t<\/div>\n\t\t\t\t<\/div>\n\t\t\t\t\t<\/div>\n\t\t<\/div>\n\t\t\t\t<div class=\"elementor-column elementor-col-50 elementor-inner-column elementor-element elementor-element-42113c4\" data-id=\"42113c4\" data-element_type=\"column\" data-e-type=\"column\">\n\t\t\t<div class=\"elementor-widget-wrap elementor-element-populated\">\n\t\t\t\t\t\t<div class=\"elementor-element elementor-element-b305ae2 elementor-widget elementor-widget-text-editor\" data-id=\"b305ae2\" data-element_type=\"widget\" data-e-type=\"widget\" data-widget_type=\"text-editor.default\">\n\t\t\t\t<div class=\"elementor-widget-container\">\n\t\t\t\t\t\t\t\t\t<h3>Typ III-Kennzeichnung\u00a0<\/h3><div>Neben den gesetzlich vorgeschriebenen Kennzeichnungen f\u00fcr Produkte (z.B: die CE-Kennzeichnung) existieren verschiedene freiwillige Umweltkennzeichen, und zwar gibt es drei Kategorien, wobei die EPD dem Typ III-Umweltkennzeichen zugeordnet wird: In einer Umwelt-Produktdeklaration (EPD), wie sie vom IBU vergeben wird, werden die wissenschaftlich ermittelten Werte aus der \u00d6kobilanz eines Produktes nach einem einheitlichen Schema zusammengefasst und dokumentiert. Sachlich, neutral, wissenschaftlich fundiert und vor allem ohne Bewertung. EPDs basieren auf den Normen ISO 14025 und EN 15804. Vor Ver\u00f6ffentlichung der EPD durch das IBU, wird sie von unabh\u00e4ngigen Dritten auf Vollst\u00e4ndigkeit, Plausibilit\u00e4t und Normenkonformit\u00e4t gepr\u00fcft und verifiziert. EPDs mit ihren quantitativen Aussagen \u00fcber die Umweltleistung von Bauprodukten richten sich an viele Adressaten: Planer, Architekten, Bauunternehmen, Investoren, Facility Manager und nat\u00fcrlich an Unternehmen, die mit Herstellung und Dienstleistung an der Wertsch\u00f6pfungskette von den Rohstoffen bis zum Geb\u00e4ude beteiligt\u00a0sind.<\/div>\t\t\t\t\t\t\t\t<\/div>\n\t\t\t\t<\/div>\n\t\t\t\t\t<\/div>\n\t\t<\/div>\n\t\t\t\t\t<\/div>\n\t\t<\/section>\n\t\t\t\t<div class=\"elementor-element elementor-element-39a3e99 elementor-widget elementor-widget-spacer\" data-id=\"39a3e99\" data-element_type=\"widget\" data-e-type=\"widget\" data-widget_type=\"spacer.default\">\n\t\t\t\t<div class=\"elementor-widget-container\">\n\t\t\t\t\t\t\t<div class=\"elementor-spacer\">\n\t\t\t<div class=\"elementor-spacer-inner\"><\/div>\n\t\t<\/div>\n\t\t\t\t\t\t<\/div>\n\t\t\t\t<\/div>\n\t\t\t\t<div class=\"elementor-element elementor-element-90b3783 elementor-button-info elementor-align-center elementor-widget elementor-widget-button\" data-id=\"90b3783\" data-element_type=\"widget\" data-e-type=\"widget\" data-widget_type=\"button.default\">\n\t\t\t\t<div class=\"elementor-widget-container\">\n\t\t\t\t\t\t\t\t\t<div class=\"elementor-button-wrapper\">\n\t\t\t\t\t<a class=\"elementor-button elementor-button-link elementor-size-md\" href=\"https:\/\/lintel-gruppe.de\/cms\/wp-content\/uploads\/Umwelt-Produktdeklaration_Betonwerk_Lintel.pdf\">\n\t\t\t\t\t\t<span class=\"elementor-button-content-wrapper\">\n\t\t\t\t\t\t<span class=\"elementor-button-icon\">\n\t\t\t\t<i aria-hidden=\"true\" class=\"far fa-file-pdf\"><\/i>\t\t\t<\/span>\n\t\t\t\t\t\t\t\t\t<span class=\"elementor-button-text\">Unsere EDP finden Sie hier<\/span>\n\t\t\t\t\t<\/span>\n\t\t\t\t\t<\/a>\n\t\t\t\t<\/div>\n\t\t\t\t\t\t\t\t<\/div>\n\t\t\t\t<\/div>\n\t\t\t\t\t<\/div>\n\t\t<\/div>\n\t\t\t\t\t<\/div>\n\t\t<\/section>\n\t\t\t\t<\/div>\n\t\t","protected":false},"excerpt":{"rendered":"<p>Nachhaltigkeit Zertifizierung Seit dem 22.04.24 sind wir mit allen Werken unserer Gruppe CSC-Silber zerfifiziert! Nun geht es mit gro\u00dfen Schritten in Richtung Gold-Zertifizierung, welche wir bei der Rezertifizierung erreichen wollen. Zusammen mit unseren Neuentwicklungen Eco-Terra-Zero (zementfreie Pflastersteine) sowie dem neuen Klima-Aktiv-Stein-System mit Reolux-Oberfl\u00e4che setzen wir einen konsequenten Fokus auf Nachhaltigkeit. Dar\u00fcber hinaus sind wir der [&hellip;]<\/p>\n","protected":false},"author":1,"featured_media":0,"parent":0,"menu_order":0,"comment_status":"closed","ping_status":"closed","template":"full-width.php","meta":{"_acf_changed":false,"footnotes":"","_members_access_role":[],"_members_access_error":""},"class_list":["post-10948","page","type-page","status-publish","hentry"],"acf":[],"yoast_head":"<!-- This site is optimized with the Yoast SEO plugin v28.3 - https:\/\/yoast.com\/product\/yoast-seo-wordpress\/ -->\n<title>Nachhaltigkeit | \u00d6ffentlicher Raum - Planer und Architekten - Lintel-Gruppe<\/title>\n<meta name=\"robots\" content=\"index, follow, max-snippet:-1, max-image-preview:large, max-video-preview:-1\" \/>\n<link rel=\"canonical\" href=\"https:\/\/lintel-gruppe.de\/projekte\/nachhaltigkeit\/\" \/>\n<meta property=\"og:locale\" content=\"de_DE\" \/>\n<meta property=\"og:type\" content=\"article\" \/>\n<meta property=\"og:title\" content=\"Nachhaltigkeit | \u00d6ffentlicher Raum - Planer und Architekten - Lintel-Gruppe\" \/>\n<meta property=\"og:description\" content=\"Nachhaltigkeit Zertifizierung Seit dem 22.04.24 sind wir mit allen Werken unserer Gruppe CSC-Silber zerfifiziert! Nun geht es mit gro\u00dfen Schritten in Richtung Gold-Zertifizierung, welche wir bei der Rezertifizierung erreichen wollen. Zusammen mit unseren Neuentwicklungen Eco-Terra-Zero (zementfreie Pflastersteine) sowie dem neuen Klima-Aktiv-Stein-System mit Reolux-Oberfl\u00e4che setzen wir einen konsequenten Fokus auf Nachhaltigkeit. Dar\u00fcber hinaus sind wir der [&hellip;]\" \/>\n<meta property=\"og:url\" content=\"https:\/\/lintel-gruppe.de\/projekte\/nachhaltigkeit\/\" \/>\n<meta property=\"og:site_name\" content=\"\u00d6ffentlicher Raum - Planer und Architekten - Lintel-Gruppe\" \/>\n<meta property=\"article:modified_time\" content=\"2026-08-12T07:22:51+00:00\" \/>\n<meta property=\"og:image\" content=\"https:\/\/lintel-gruppe.de\/projekte\/wp-content\/uploads\/1146-CSC21-2023-Zertifikat-001-212x300.jpg\" \/>\n<meta name=\"twitter:card\" content=\"summary_large_image\" \/>\n<script type=\"application\/ld+json\" class=\"yoast-schema-graph\">{\"@context\":\"https:\\\/\\\/schema.org\",\"@graph\":[{\"@type\":\"WebPage\",\"@id\":\"https:\\\/\\\/lintel-gruppe.de\\\/projekte\\\/nachhaltigkeit\\\/\",\"url\":\"https:\\\/\\\/lintel-gruppe.de\\\/projekte\\\/nachhaltigkeit\\\/\",\"name\":\"Nachhaltigkeit | \u00d6ffentlicher Raum - Planer und Architekten - Lintel-Gruppe\",\"isPartOf\":{\"@id\":\"https:\\\/\\\/lintel-gruppe.de\\\/projekte\\\/#website\"},\"primaryImageOfPage\":{\"@id\":\"https:\\\/\\\/lintel-gruppe.de\\\/projekte\\\/nachhaltigkeit\\\/#primaryimage\"},\"image\":{\"@id\":\"https:\\\/\\\/lintel-gruppe.de\\\/projekte\\\/nachhaltigkeit\\\/#primaryimage\"},\"thumbnailUrl\":\"https:\\\/\\\/lintel-gruppe.de\\\/projekte\\\/wp-content\\\/uploads\\\/1146-CSC21-2023-Zertifikat-001-212x300.jpg\",\"datePublished\":\"2024-06-04T15:32:55+00:00\",\"dateModified\":\"2026-08-12T07:22:51+00:00\",\"breadcrumb\":{\"@id\":\"https:\\\/\\\/lintel-gruppe.de\\\/projekte\\\/nachhaltigkeit\\\/#breadcrumb\"},\"inLanguage\":\"de\",\"potentialAction\":[{\"@type\":\"ReadAction\",\"target\":[\"https:\\\/\\\/lintel-gruppe.de\\\/projekte\\\/nachhaltigkeit\\\/\"]}]},{\"@type\":\"ImageObject\",\"inLanguage\":\"de\",\"@id\":\"https:\\\/\\\/lintel-gruppe.de\\\/projekte\\\/nachhaltigkeit\\\/#primaryimage\",\"url\":\"https:\\\/\\\/lintel-gruppe.de\\\/projekte\\\/wp-content\\\/uploads\\\/1146-CSC21-2023-Zertifikat-001.jpg\",\"contentUrl\":\"https:\\\/\\\/lintel-gruppe.de\\\/projekte\\\/wp-content\\\/uploads\\\/1146-CSC21-2023-Zertifikat-001.jpg\",\"width\":1191,\"height\":1684},{\"@type\":\"BreadcrumbList\",\"@id\":\"https:\\\/\\\/lintel-gruppe.de\\\/projekte\\\/nachhaltigkeit\\\/#breadcrumb\",\"itemListElement\":[{\"@type\":\"ListItem\",\"position\":1,\"name\":\"Home\",\"item\":\"https:\\\/\\\/lintel-gruppe.de\\\/projekte\\\/\"},{\"@type\":\"ListItem\",\"position\":2,\"name\":\"Nachhaltigkeit\"}]},{\"@type\":\"WebSite\",\"@id\":\"https:\\\/\\\/lintel-gruppe.de\\\/projekte\\\/#website\",\"url\":\"https:\\\/\\\/lintel-gruppe.de\\\/projekte\\\/\",\"name\":\"\u00d6ffentlicher Raum - Planer und Architekten - Lintel-Gruppe\",\"description\":\"\",\"potentialAction\":[{\"@type\":\"SearchAction\",\"target\":{\"@type\":\"EntryPoint\",\"urlTemplate\":\"https:\\\/\\\/lintel-gruppe.de\\\/projekte\\\/?s={search_term_string}\"},\"query-input\":{\"@type\":\"PropertyValueSpecification\",\"valueRequired\":true,\"valueName\":\"search_term_string\"}}],\"inLanguage\":\"de\"}]}<\/script>\n<!-- \/ Yoast SEO plugin. -->","yoast_head_json":{"title":"Nachhaltigkeit | \u00d6ffentlicher Raum - Planer und Architekten - Lintel-Gruppe","robots":{"index":"index","follow":"follow","max-snippet":"max-snippet:-1","max-image-preview":"max-image-preview:large","max-video-preview":"max-video-preview:-1"},"canonical":"https:\/\/lintel-gruppe.de\/projekte\/nachhaltigkeit\/","og_locale":"de_DE","og_type":"article","og_title":"Nachhaltigkeit | \u00d6ffentlicher Raum - Planer und Architekten - Lintel-Gruppe","og_description":"Nachhaltigkeit Zertifizierung Seit dem 22.04.24 sind wir mit allen Werken unserer Gruppe CSC-Silber zerfifiziert! Nun geht es mit gro\u00dfen Schritten in Richtung Gold-Zertifizierung, welche wir bei der Rezertifizierung erreichen wollen. Zusammen mit unseren Neuentwicklungen Eco-Terra-Zero (zementfreie Pflastersteine) sowie dem neuen Klima-Aktiv-Stein-System mit Reolux-Oberfl\u00e4che setzen wir einen konsequenten Fokus auf Nachhaltigkeit. Dar\u00fcber hinaus sind wir der [&hellip;]","og_url":"https:\/\/lintel-gruppe.de\/projekte\/nachhaltigkeit\/","og_site_name":"\u00d6ffentlicher Raum - Planer und Architekten - Lintel-Gruppe","article_modified_time":"2026-08-12T07:22:51+00:00","og_image":[{"url":"https:\/\/lintel-gruppe.de\/projekte\/wp-content\/uploads\/1146-CSC21-2023-Zertifikat-001-212x300.jpg","type":"","width":"","height":""}],"twitter_card":"summary_large_image","schema":{"@context":"https:\/\/schema.org","@graph":[{"@type":"WebPage","@id":"https:\/\/lintel-gruppe.de\/projekte\/nachhaltigkeit\/","url":"https:\/\/lintel-gruppe.de\/projekte\/nachhaltigkeit\/","name":"Nachhaltigkeit | \u00d6ffentlicher Raum - Planer und Architekten - Lintel-Gruppe","isPartOf":{"@id":"https:\/\/lintel-gruppe.de\/projekte\/#website"},"primaryImageOfPage":{"@id":"https:\/\/lintel-gruppe.de\/projekte\/nachhaltigkeit\/#primaryimage"},"image":{"@id":"https:\/\/lintel-gruppe.de\/projekte\/nachhaltigkeit\/#primaryimage"},"thumbnailUrl":"https:\/\/lintel-gruppe.de\/projekte\/wp-content\/uploads\/1146-CSC21-2023-Zertifikat-001-212x300.jpg","datePublished":"2024-06-04T15:32:55+00:00","dateModified":"2026-08-12T07:22:51+00:00","breadcrumb":{"@id":"https:\/\/lintel-gruppe.de\/projekte\/nachhaltigkeit\/#breadcrumb"},"inLanguage":"de","potentialAction":[{"@type":"ReadAction","target":["https:\/\/lintel-gruppe.de\/projekte\/nachhaltigkeit\/"]}]},{"@type":"ImageObject","inLanguage":"de","@id":"https:\/\/lintel-gruppe.de\/projekte\/nachhaltigkeit\/#primaryimage","url":"https:\/\/lintel-gruppe.de\/projekte\/wp-content\/uploads\/1146-CSC21-2023-Zertifikat-001.jpg","contentUrl":"https:\/\/lintel-gruppe.de\/projekte\/wp-content\/uploads\/1146-CSC21-2023-Zertifikat-001.jpg","width":1191,"height":1684},{"@type":"BreadcrumbList","@id":"https:\/\/lintel-gruppe.de\/projekte\/nachhaltigkeit\/#breadcrumb","itemListElement":[{"@type":"ListItem","position":1,"name":"Home","item":"https:\/\/lintel-gruppe.de\/projekte\/"},{"@type":"ListItem","position":2,"name":"Nachhaltigkeit"}]},{"@type":"WebSite","@id":"https:\/\/lintel-gruppe.de\/projekte\/#website","url":"https:\/\/lintel-gruppe.de\/projekte\/","name":"\u00d6ffentlicher Raum - Planer und Architekten - Lintel-Gruppe","description":"","potentialAction":[{"@type":"SearchAction","target":{"@type":"EntryPoint","urlTemplate":"https:\/\/lintel-gruppe.de\/projekte\/?s={search_term_string}"},"query-input":{"@type":"PropertyValueSpecification","valueRequired":true,"valueName":"search_term_string"}}],"inLanguage":"de"}]}},"_links":{"self":[{"href":"https:\/\/lintel-gruppe.de\/projekte\/wp-json\/wp\/v2\/pages\/10948","targetHints":{"allow":["GET"]}}],"collection":[{"href":"https:\/\/lintel-gruppe.de\/projekte\/wp-json\/wp\/v2\/pages"}],"about":[{"href":"https:\/\/lintel-gruppe.de\/projekte\/wp-json\/wp\/v2\/types\/page"}],"author":[{"embeddable":true,"href":"https:\/\/lintel-gruppe.de\/projekte\/wp-json\/wp\/v2\/users\/1"}],"replies":[{"embeddable":true,"href":"https:\/\/lintel-gruppe.de\/projekte\/wp-json\/wp\/v2\/comments?post=10948"}],"version-history":[{"count":30,"href":"https:\/\/lintel-gruppe.de\/projekte\/wp-json\/wp\/v2\/pages\/10948\/revisions"}],"predecessor-version":[{"id":15098,"href":"https:\/\/lintel-gruppe.de\/projekte\/wp-json\/wp\/v2\/pages\/10948\/revisions\/15098"}],"wp:attachment":[{"href":"https:\/\/lintel-gruppe.de\/projekte\/wp-json\/wp\/v2\/media?parent=10948"}],"curies":[{"name":"wp","href":"https:\/\/api.w.org\/{rel}","templated":true}]}}